{"id":2094,"date":"2019-07-03T11:47:55","date_gmt":"2019-07-03T08:47:55","guid":{"rendered":"https:\/\/www.raten.ro\/?page_id=2094"},"modified":"2026-02-10T15:21:38","modified_gmt":"2026-02-10T13:21:38","slug":"agenda-publica","status":"publish","type":"page","link":"https:\/\/www.raten.ro\/?page_id=2094","title":{"rendered":"Agenda public\u0103"},"content":{"rendered":"<p><div class=\"table-responsive\"><table  style=\"width:100%; \"  class=\"easy-table easy-table-default \" >\n<tbody>\r\n<tr><td  style=\"text-align:justify\" ><span style=\"padding-left: 20px;\"><strong>Un nou \u0219i important pas c\u0103tre licentierea ALFRED \u0219i dezvoltarea EAGLES 300<\/strong>.<\/span><br \/><span style=\"padding-left: 20px;\">RATEN \u0219i partenerii s\u0103i EAGLES, ANSALDO, ENEA \u0219i SCK CEN, au semnat cu IAEA Aranjamentele Practice care stabilesc un cadru pentru cooperare neexclusiv\u0103 \u00een domeniul securit\u0103\u021bii reactoarelor nucleare \u0219i al interfe\u021bei acesteia cu siguran\u021ba nuclear\u0103.<\/span><br \/><span style=\"padding-left: 20px;\">EAGLES este un consor\u021biu creat de ANSALDO, ENEA, RATEN \u0219i SCK CEN, care vizeaz\u0103 dezvoltarea \u0219i comercializarea \u00een comun a EAGLES-300, un reactor modular mic r\u0103cit cu plumb (LFR SMR). <\/span><br \/><span style=\"padding-left: 20px;\">Aranjamentele Practice vor sprijini un proces pilot comun de pre-licen\u021biere dedicat celor doi precursori complementari ai LFR SMR comercial: LEANDREA, o instala\u021bie de iradiere pentru calificarea materialelor \u0219i combustibilului inten\u021bionat\u0103 a fi construit\u0103 \u00een Belgia, \u0219i ALFRED, un demonstrator tehnologic planificat a fi construit \u00een Rom\u00e2nia. Acest proiect extrabugetar al IAEA va implica in mod activ autorit\u0103\u021bile de reglementare rom\u00e2ne \u0219i belgiene, CNCAN \u0219i FANC\/Bel V, precum \u0219i autoritatea de reglementare italian\u0103 \u00een calitate de observator.<\/span><br \/><span style=\"padding-left: 20px;\">Noul pas vine dup\u0103 semnarea consor\u021biului EAGLES \u00een <strong>iunie 2025<\/strong> \u0219i lansarea \u00een <strong>iulie 2025<\/strong> a proiectului 4-ALFRED implementat de RATEN, av\u00e2nd un dublu obiectiv: construirea a patru instala\u021bii experimentale mari &#8211; componente importante \u00een demonstrarea tehnologiei LFR &#8211; \u0219i derularea programului de cercetare \u0219i dezvoltare asociat.<\/span><\/td>\n<\/tr>\n<\/tbody><\/table><\/div><\/p>\n<table border=\"0\" width=\"880\" cellspacing=\"0\" align=\"center\">\n<tbody>\n<tr>\n<td align=\"center\" width=\"100%\"><a href=\"https:\/\/www.raten.ro\/wp-content\/uploads\/2025\/09\/Eagles_2025_1.jpg\" target=\"_blank\" rel=\"noopener\"><img loading=\"lazy\" decoding=\"async\" class=\"aligncenter wp-image-4105\" src=\"https:\/\/www.raten.ro\/wp-content\/uploads\/2025\/09\/Eagles_2025_1.jpg\" alt=\"\" width=\"225\" height=\"150\" srcset=\"https:\/\/www.raten.ro\/wp-content\/uploads\/2025\/09\/Eagles_2025_1.jpg 800w, https:\/\/www.raten.ro\/wp-content\/uploads\/2025\/09\/Eagles_2025_1-300x200.jpg 300w, https:\/\/www.raten.ro\/wp-content\/uploads\/2025\/09\/Eagles_2025_1-768x512.jpg 768w, https:\/\/www.raten.ro\/wp-content\/uploads\/2025\/09\/Eagles_2025_1-465x310.jpg 465w, https:\/\/www.raten.ro\/wp-content\/uploads\/2025\/09\/Eagles_2025_1-695x463.jpg 695w\" sizes=\"auto, (max-width: 225px) 100vw, 225px\" \/><\/a><\/td>\n<\/tr>\n<\/tbody>\n<\/table>\n<div class=\"table-responsive\"><table  style=\"width:100%; \"  class=\"easy-table easy-table-default \" >\n<tbody>\r\n<tr><td  style=\"text-align:justify\" ><span style=\"padding-left: 20px;\">Directorul General RATEN, Ion Octavian U\u0163\u0103, a participat la o \u00eent\u00e2lnire oficial\u0103 organizat\u0103 de Ambasada Rom\u00e2niei \u00een Belgia \u00een data de <strong>26 octombrie 2022<\/strong>, la Bruxelles. Obiectivul \u00eent\u00e2lnirii a fost semnarea unui nou acord de colaborare \u00eentre RATEN \u015fi SCK CEN (Belgia) viz\u00e2nd noi oportunit\u0103\u0163i din domeniul cercet\u0103rii \u015fi dezvolt\u0103rii sistemelor nucleare.<\/span><br \/><span style=\"padding-left: 20px;\">Datorit\u0103 cre\u015fterii interesului asupra reactoarelor mici \u015fi modulare bazate pe tehnologia avansat\u0103 a metalelor lichide grele (SMR-LFR) \u015fi a preocup\u0103rilor comune ale celor dou\u0103 institute pentru dezvoltarea acestei tehnologii, s-a considerat necesar\u0103 actualizarea MOU prin includerea expicit\u0103 \u00een prevederile acordului a acestui domeniu.<\/span><br \/><span style=\"padding-left: 20px;\">La \u00eent\u00e2lnire au participat \u015fi prim-ministrul Nicolae Ciuc\u0103, omologul s\u0103u belgian Alexander de Croo, Eric van Walle \u015fi Hamid Ait Abderrahim din partea SCK, Mitic\u0103 Dr\u0103gu\u015fin din partea IFIN HH, cu care institu\u0163ia belgian\u0103 a semnat un alt acord de colaborare, \u015fi Marin Constantin din partea RATEN ICN.<\/span><\/td>\n<\/tr>\n<\/tbody><\/table><\/div>\n<table border=\"0\" width=\"880\" cellspacing=\"0\" align=\"center\">\n<tbody>\n<tr>\n<td align=\"center\" width=\"33%\"><a href=\"https:\/\/www.raten.ro\/wp-content\/uploads\/2022\/10\/1.jpg\" target=\"_blank\" rel=\"noopener\"><img loading=\"lazy\" decoding=\"async\" class=\"wp-image-3458 alignright\" src=\"https:\/\/www.raten.ro\/wp-content\/uploads\/2022\/10\/1.jpg\" alt=\"\" width=\"167\" height=\"150\" srcset=\"https:\/\/www.raten.ro\/wp-content\/uploads\/2022\/10\/1.jpg 1192w, https:\/\/www.raten.ro\/wp-content\/uploads\/2022\/10\/1-300x269.jpg 300w, https:\/\/www.raten.ro\/wp-content\/uploads\/2022\/10\/1-1024x917.jpg 1024w, https:\/\/www.raten.ro\/wp-content\/uploads\/2022\/10\/1-768x688.jpg 768w, https:\/\/www.raten.ro\/wp-content\/uploads\/2022\/10\/1-465x417.jpg 465w, https:\/\/www.raten.ro\/wp-content\/uploads\/2022\/10\/1-558x500.jpg 558w\" sizes=\"auto, (max-width: 167px) 100vw, 167px\" \/><\/a><\/td>\n<td align=\"center\" width=\"33%\"><a href=\"https:\/\/www.raten.ro\/wp-content\/uploads\/2022\/10\/2.jpg\" target=\"_blank\" rel=\"noopener\"><img loading=\"lazy\" decoding=\"async\" class=\"aligncenter wp-image-3459\" src=\"https:\/\/www.raten.ro\/wp-content\/uploads\/2022\/10\/2.jpg\" alt=\"\" width=\"225\" height=\"150\" srcset=\"https:\/\/www.raten.ro\/wp-content\/uploads\/2022\/10\/2.jpg 720w, https:\/\/www.raten.ro\/wp-content\/uploads\/2022\/10\/2-300x200.jpg 300w, https:\/\/www.raten.ro\/wp-content\/uploads\/2022\/10\/2-465x310.jpg 465w, https:\/\/www.raten.ro\/wp-content\/uploads\/2022\/10\/2-695x463.jpg 695w\" sizes=\"auto, (max-width: 225px) 100vw, 225px\" \/><\/a><\/td>\n<td align=\"center\" width=\"33%\"><a href=\"https:\/\/www.raten.ro\/wp-content\/uploads\/2022\/10\/3.jpg\" target=\"_blank\" rel=\"noopener\"><img loading=\"lazy\" decoding=\"async\" class=\"wp-image-3460 alignleft\" src=\"https:\/\/www.raten.ro\/wp-content\/uploads\/2022\/10\/3.jpg\" alt=\"\" width=\"129\" height=\"150\" srcset=\"https:\/\/www.raten.ro\/wp-content\/uploads\/2022\/10\/3.jpg 1200w, https:\/\/www.raten.ro\/wp-content\/uploads\/2022\/10\/3-258x300.jpg 258w, https:\/\/www.raten.ro\/wp-content\/uploads\/2022\/10\/3-880x1024.jpg 880w, https:\/\/www.raten.ro\/wp-content\/uploads\/2022\/10\/3-768x893.jpg 768w, https:\/\/www.raten.ro\/wp-content\/uploads\/2022\/10\/3-465x541.jpg 465w, https:\/\/www.raten.ro\/wp-content\/uploads\/2022\/10\/3-430x500.jpg 430w\" sizes=\"auto, (max-width: 129px) 100vw, 129px\" \/><\/a><\/td>\n<\/tr>\n<\/tbody>\n<\/table>\n<p><!--[easytable th=\"0\" colalign=\"justify\" align=left]\n<span style=\"padding-left: 20px;\">Cu ad\u00e2nc\u0103 triste\u021be anun\u021b\u0103m trecerea \u00een nefiin\u021b\u0103 a celui care a fost domnul prof. dr. \u0218erban Constantin Valeca, o personalitate marcant\u0103 a domeniului nuclear \u00een plan local, na\u021bional \u0219i interna\u021bional. Fost Director General al Institutului de Cercet\u0103ri Nucleare Pite\u0219ti, Pre\u0219edintele Consiliului \u0218tiin\u021bific ICN, dar \u0219i fost Guvernator al Rom\u00e2niei la Agen\u021bia Interna\u021bional\u0103 pentru Energie Atomic\u0103 de la Viena \u0219i Ministru al Cercet\u0103rii \u0219i Inov\u0103rii, a coordonat \u0219i a pus bazele multor proiecte importante care au pus Rom\u00e2nia pe harta cercet\u0103rii \u00een domeniul energiei nucleare.<\/span>~~<span style=\"padding-left: 20px;\">Transmitem sincere condolean\u021be familiei \u00eendoliate.<\/span>\n[\/easytable]\n\n\n<table border=\"0\" width=\"880\" cellspacing=\"0\" align=\"center\">\n\n\n<tbody>\n\n\n<tr>\n\n\n<td align=\"center\" width=\"100%\"><a href=\"https:\/\/www.raten.ro\/wp-content\/uploads\/2022\/05\/Serban-Valeca-2022.jpg\" target=\"_blank\" rel=\"noopener\"><img loading=\"lazy\" decoding=\"async\" class=\"aligncenter wp-image-3384\" src=\"https:\/\/www.raten.ro\/wp-content\/uploads\/2022\/05\/Serban-Valeca-2022.jpg\" alt=\"\" width=\"220\" height=\"150\" srcset=\"https:\/\/www.raten.ro\/wp-content\/uploads\/2022\/05\/Serban-Valeca-2022.jpg 624w, https:\/\/www.raten.ro\/wp-content\/uploads\/2022\/05\/Serban-Valeca-2022-300x204.jpg 300w, https:\/\/www.raten.ro\/wp-content\/uploads\/2022\/05\/Serban-Valeca-2022-465x317.jpg 465w\" sizes=\"auto, (max-width: 220px) 100vw, 220px\" \/><\/a><\/td>\n\n\n<\/tr>\n\n\n<\/tbody>\n\n\n<\/table>\n\n\n--><br \/>\n<div class=\"table-responsive\"><table  style=\"width:100%; \"  class=\"easy-table easy-table-default \" >\n<tbody>\r\n<tr><td  style=\"text-align:justify\" ><span style=\"padding-left: 20px;\">Directorul general RATEN, Ducu Marian-C\u0103t\u0103lin, particip\u0103 la evenimentul online \"<em>Canada-Romania Partnership in Nuclear Technologies<\/em>\" \u00een perioada <strong>2-3 martie 2021<\/strong> organizat de c\u0103tre Organization of Canadian Nuclear Industries (OCNI), ROMATOM, Energynomics, Nuclearelectrica \u0219i Ambasada Canadei \u00een Rom\u00e2nia.<\/span> Evenimentul are ca scop prezentarea parteneriatului de lung\u0103 durat\u0103 dintre Canada \u0219i Rom\u00e2nia \u00een domeniul nuclear \u0219i discutarea viitoarelor proiecte de investi\u021bii rom\u00e2ne\u0219ti.<\/td>\n<\/tr>\n<\/tbody><\/table><\/div><\/p>\n<table border=\"0\" width=\"880\" cellspacing=\"0\" align=\"center\">\n<tbody>\n<tr>\n<td align=\"center\" width=\"25%\"><a href=\"https:\/\/www.raten.ro\/wp-content\/uploads\/2021\/03\/Canada_Romania_2021_1.jpg\" target=\"_blank\" rel=\"noopener\"><img loading=\"lazy\" decoding=\"async\" class=\"aligncenter wp-image-3105\" src=\"https:\/\/www.raten.ro\/wp-content\/uploads\/2021\/03\/Canada_Romania_2021_1.jpg\" alt=\"\" width=\"222\" height=\"150\" srcset=\"https:\/\/www.raten.ro\/wp-content\/uploads\/2021\/03\/Canada_Romania_2021_1.jpg 1482w, https:\/\/www.raten.ro\/wp-content\/uploads\/2021\/03\/Canada_Romania_2021_1-300x202.jpg 300w, https:\/\/www.raten.ro\/wp-content\/uploads\/2021\/03\/Canada_Romania_2021_1-1024x691.jpg 1024w, https:\/\/www.raten.ro\/wp-content\/uploads\/2021\/03\/Canada_Romania_2021_1-768x518.jpg 768w, https:\/\/www.raten.ro\/wp-content\/uploads\/2021\/03\/Canada_Romania_2021_1-465x314.jpg 465w, https:\/\/www.raten.ro\/wp-content\/uploads\/2021\/03\/Canada_Romania_2021_1-695x469.jpg 695w\" sizes=\"auto, (max-width: 222px) 100vw, 222px\" \/><\/a><\/td>\n<td align=\"center\" width=\"25%\"><a href=\"https:\/\/www.raten.ro\/wp-content\/uploads\/2021\/03\/Canada_Romania_2021_2.jpg\" target=\"_blank\" rel=\"noopener\"><img loading=\"lazy\" decoding=\"async\" class=\"aligncenter wp-image-3106\" src=\"https:\/\/www.raten.ro\/wp-content\/uploads\/2021\/03\/Canada_Romania_2021_2.jpg\" alt=\"\" width=\"311\" height=\"150\" srcset=\"https:\/\/www.raten.ro\/wp-content\/uploads\/2021\/03\/Canada_Romania_2021_2.jpg 1146w, https:\/\/www.raten.ro\/wp-content\/uploads\/2021\/03\/Canada_Romania_2021_2-300x145.jpg 300w, https:\/\/www.raten.ro\/wp-content\/uploads\/2021\/03\/Canada_Romania_2021_2-1024x493.jpg 1024w, https:\/\/www.raten.ro\/wp-content\/uploads\/2021\/03\/Canada_Romania_2021_2-768x370.jpg 768w, https:\/\/www.raten.ro\/wp-content\/uploads\/2021\/03\/Canada_Romania_2021_2-465x224.jpg 465w, https:\/\/www.raten.ro\/wp-content\/uploads\/2021\/03\/Canada_Romania_2021_2-695x335.jpg 695w\" sizes=\"auto, (max-width: 311px) 100vw, 311px\" \/><\/a><\/td>\n<td align=\"center\" width=\"25%\"><a href=\"https:\/\/www.raten.ro\/wp-content\/uploads\/2021\/03\/Canada_Romania_2021_3.jpg\" target=\"_blank\" rel=\"noopener\"><img loading=\"lazy\" decoding=\"async\" class=\"aligncenter wp-image-3107\" src=\"https:\/\/www.raten.ro\/wp-content\/uploads\/2021\/03\/Canada_Romania_2021_3.jpg\" alt=\"\" width=\"303\" height=\"150\" srcset=\"https:\/\/www.raten.ro\/wp-content\/uploads\/2021\/03\/Canada_Romania_2021_3.jpg 1440w, https:\/\/www.raten.ro\/wp-content\/uploads\/2021\/03\/Canada_Romania_2021_3-300x148.jpg 300w, https:\/\/www.raten.ro\/wp-content\/uploads\/2021\/03\/Canada_Romania_2021_3-1024x506.jpg 1024w, https:\/\/www.raten.ro\/wp-content\/uploads\/2021\/03\/Canada_Romania_2021_3-768x380.jpg 768w, https:\/\/www.raten.ro\/wp-content\/uploads\/2021\/03\/Canada_Romania_2021_3-465x230.jpg 465w, https:\/\/www.raten.ro\/wp-content\/uploads\/2021\/03\/Canada_Romania_2021_3-695x344.jpg 695w\" sizes=\"auto, (max-width: 303px) 100vw, 303px\" \/><\/a><\/td>\n<td align=\"center\" width=\"25%\"><a href=\"https:\/\/www.raten.ro\/wp-content\/uploads\/2021\/03\/Canada_Romania_2021_4.png\" target=\"_blank\" rel=\"noopener\"><img loading=\"lazy\" decoding=\"async\" class=\"aligncenter wp-image-3108\" src=\"https:\/\/www.raten.ro\/wp-content\/uploads\/2021\/03\/Canada_Romania_2021_4.png\" alt=\"\" width=\"251\" height=\"150\" srcset=\"https:\/\/www.raten.ro\/wp-content\/uploads\/2021\/03\/Canada_Romania_2021_4.png 987w, https:\/\/www.raten.ro\/wp-content\/uploads\/2021\/03\/Canada_Romania_2021_4-300x180.png 300w, https:\/\/www.raten.ro\/wp-content\/uploads\/2021\/03\/Canada_Romania_2021_4-768x460.png 768w, https:\/\/www.raten.ro\/wp-content\/uploads\/2021\/03\/Canada_Romania_2021_4-465x278.png 465w, https:\/\/www.raten.ro\/wp-content\/uploads\/2021\/03\/Canada_Romania_2021_4-695x416.png 695w\" sizes=\"auto, (max-width: 251px) 100vw, 251px\" \/><\/a><\/td>\n<\/tr>\n<\/tbody>\n<\/table>\n<div class=\"table-responsive\"><table  style=\"width:100%; \"  class=\"easy-table easy-table-default \" >\n<tbody>\r\n<tr><td  style=\"text-align:justify\" ><span style=\"padding-left: 20px;\">Directorul general RATEN, Cristian GENTEA, particip\u0103 la Conferin\u0163a final\u0103 a proiectului PRO ALFRED <em>\u201eALFRED Research Infrastructure: Looking Ahead\u201d<\/em> organizat\u0103 \u00een format hibrid \u00een perioada <strong>22-23 octombrie 2020<\/strong> de c\u0103tre RATEN ICN, al\u0103turi de consor\u0163iul FALCON, \u00een cadrul proiectului PRO ALFRED finan\u0163at de Ministerul Educa\u0163iei \u015fi Cercet\u0103rii. La eveniment particip\u0103 reprezentan\u0163i ai Comisiei Europene \u015fi ai organiza\u0163iilor interna\u0163ionale din domeniul nuclear (Ansaldo Nucleare, ENEA, IAEA), ai autorit\u0103\u0163ilor locale \u015fi speciali\u015fti din consor\u0163iul FALCON \u015fi din proiectul PRO ALFRED.<\/span><\/td>\n<\/tr>\n<\/tbody><\/table><\/div>\n<table border=\"0\" width=\"880\" cellspacing=\"0\" align=\"center\">\n<tbody>\n<tr>\n<td align=\"center\"><a href=\"https:\/\/www.raten.ro\/wp-content\/uploads\/2020\/10\/PRO_Alfred_22.10.2020_1.png\" target=\"_blank\" rel=\"noopener noreferrer\"><img loading=\"lazy\" decoding=\"async\" class=\"aligncenter wp-image-2951\" src=\"https:\/\/www.raten.ro\/wp-content\/uploads\/2020\/10\/PRO_Alfred_22.10.2020_1.png\" alt=\"\" width=\"212\" height=\"150\" srcset=\"https:\/\/www.raten.ro\/wp-content\/uploads\/2020\/10\/PRO_Alfred_22.10.2020_1.png 1346w, https:\/\/www.raten.ro\/wp-content\/uploads\/2020\/10\/PRO_Alfred_22.10.2020_1-300x213.png 300w, https:\/\/www.raten.ro\/wp-content\/uploads\/2020\/10\/PRO_Alfred_22.10.2020_1-1024x726.png 1024w, https:\/\/www.raten.ro\/wp-content\/uploads\/2020\/10\/PRO_Alfred_22.10.2020_1-768x544.png 768w, https:\/\/www.raten.ro\/wp-content\/uploads\/2020\/10\/PRO_Alfred_22.10.2020_1-465x330.png 465w, https:\/\/www.raten.ro\/wp-content\/uploads\/2020\/10\/PRO_Alfred_22.10.2020_1-695x493.png 695w\" sizes=\"auto, (max-width: 212px) 100vw, 212px\" \/><\/a><\/td>\n<\/tr>\n<\/tbody>\n<\/table>\n<div class=\"table-responsive\"><table  style=\"width:100%; \"  class=\"easy-table easy-table-default \" >\n<tbody>\r\n<tr><td  style=\"text-align:justify\" ><span style=\"padding-left: 20px;\">Directorul general RATEN, Cristian GENTEA, particip\u0103 la semnarea Contractului Proiectului \u201e<em>ALFRED &#8211; Etapa 1, infrastructur\u0103 de cercetare suport: ATHENA (instala\u0163ie de tip piscin\u0103 pentru experimente \u015fi teste termohidraulice) \u015fi ChemLab (laborator pentru chimia plumbului)<\/em>\", finan\u021bat \u00een cadrul Programului Opera\u021bional Competitivitate, domeniul Mari Infrastructuri de cercetare, Apel 488\/1\/1. Evenimentul se desf\u0103\u015foara la sediul Ministerului Fondurilor Europene, \u00een prezen\u021ba dlui Ioan Marcel BOLO\u0218, ministrul MFE, \u00een data de <strong>6 iulie 2020<\/strong>.<\/span><\/td>\n<\/tr>\n<\/tbody><\/table><\/div>\n<table border=\"0\" width=\"880\" cellspacing=\"0\" align=\"center\">\n<tbody>\n<tr>\n<td align=\"center\" width=\"33%\"><a href=\"https:\/\/www.raten.ro\/wp-content\/uploads\/2020\/07\/Alfred-Etapa1_1.jpg\" target=\"_blank\" rel=\"noopener noreferrer\"><img loading=\"lazy\" decoding=\"async\" class=\"aligncenter wp-image-2884\" src=\"https:\/\/www.raten.ro\/wp-content\/uploads\/2020\/07\/Alfred-Etapa1_1.jpg\" alt=\"\" width=\"200\" height=\"150\" srcset=\"https:\/\/www.raten.ro\/wp-content\/uploads\/2020\/07\/Alfred-Etapa1_1.jpg 1600w, https:\/\/www.raten.ro\/wp-content\/uploads\/2020\/07\/Alfred-Etapa1_1-300x225.jpg 300w, https:\/\/www.raten.ro\/wp-content\/uploads\/2020\/07\/Alfred-Etapa1_1-1024x768.jpg 1024w, https:\/\/www.raten.ro\/wp-content\/uploads\/2020\/07\/Alfred-Etapa1_1-768x576.jpg 768w, https:\/\/www.raten.ro\/wp-content\/uploads\/2020\/07\/Alfred-Etapa1_1-1536x1152.jpg 1536w, https:\/\/www.raten.ro\/wp-content\/uploads\/2020\/07\/Alfred-Etapa1_1-465x349.jpg 465w, https:\/\/www.raten.ro\/wp-content\/uploads\/2020\/07\/Alfred-Etapa1_1-667x500.jpg 667w\" sizes=\"auto, (max-width: 200px) 100vw, 200px\" \/><\/a><\/td>\n<td align=\"center\" width=\"33%\"><a href=\"https:\/\/www.raten.ro\/wp-content\/uploads\/2020\/07\/Alfred-Etapa1_2.jpg\" target=\"_blank\" rel=\"noopener noreferrer\"><img loading=\"lazy\" decoding=\"async\" class=\"aligncenter wp-image-2885\" src=\"https:\/\/www.raten.ro\/wp-content\/uploads\/2020\/07\/Alfred-Etapa1_2.jpg\" alt=\"\" width=\"245\" height=\"150\" srcset=\"https:\/\/www.raten.ro\/wp-content\/uploads\/2020\/07\/Alfred-Etapa1_2.jpg 1600w, https:\/\/www.raten.ro\/wp-content\/uploads\/2020\/07\/Alfred-Etapa1_2-300x184.jpg 300w, https:\/\/www.raten.ro\/wp-content\/uploads\/2020\/07\/Alfred-Etapa1_2-1024x627.jpg 1024w, https:\/\/www.raten.ro\/wp-content\/uploads\/2020\/07\/Alfred-Etapa1_2-768x470.jpg 768w, https:\/\/www.raten.ro\/wp-content\/uploads\/2020\/07\/Alfred-Etapa1_2-1536x941.jpg 1536w, https:\/\/www.raten.ro\/wp-content\/uploads\/2020\/07\/Alfred-Etapa1_2-465x285.jpg 465w, https:\/\/www.raten.ro\/wp-content\/uploads\/2020\/07\/Alfred-Etapa1_2-695x426.jpg 695w\" sizes=\"auto, (max-width: 245px) 100vw, 245px\" \/><\/a><\/td>\n<td align=\"center\" width=\"33%\"><a href=\"https:\/\/www.raten.ro\/wp-content\/uploads\/2020\/07\/Alfred-Etapa1_3.jpg\"><img loading=\"lazy\" decoding=\"async\" class=\"aligncenter wp-image-2886\" src=\"https:\/\/www.raten.ro\/wp-content\/uploads\/2020\/07\/Alfred-Etapa1_3.jpg\" alt=\"\" width=\"132\" height=\"150\" srcset=\"https:\/\/www.raten.ro\/wp-content\/uploads\/2020\/07\/Alfred-Etapa1_3.jpg 1200w, https:\/\/www.raten.ro\/wp-content\/uploads\/2020\/07\/Alfred-Etapa1_3-263x300.jpg 263w, https:\/\/www.raten.ro\/wp-content\/uploads\/2020\/07\/Alfred-Etapa1_3-898x1024.jpg 898w, https:\/\/www.raten.ro\/wp-content\/uploads\/2020\/07\/Alfred-Etapa1_3-768x876.jpg 768w, https:\/\/www.raten.ro\/wp-content\/uploads\/2020\/07\/Alfred-Etapa1_3-465x530.jpg 465w, https:\/\/www.raten.ro\/wp-content\/uploads\/2020\/07\/Alfred-Etapa1_3-439x500.jpg 439w\" sizes=\"auto, (max-width: 132px) 100vw, 132px\" \/><\/a><\/td>\n<\/tr>\n<\/tbody>\n<\/table>\n<div class=\"table-responsive\"><table  style=\"width:100%; \"  class=\"easy-table easy-table-default \" >\n<tbody>\r\n<tr><td  style=\"text-align:justify\" ><span style=\"padding-left: 20px;\">Directorul General RATEN, Cristian GENTEA, particip\u0103 la lansarea Etapei a II-a a Proiectului PROALFRED, PNCDIII, Competi\u01abia C1-ALFRED, in data de <strong>12 februarie 2020<\/strong>, la sediul Institutului de Cercet\u0103ri Nucleare (RATEN ICN).<\/span><\/td>\n<\/tr>\n<\/tbody><\/table><\/div>\n<table border=\"0\" width=\"880\" cellspacing=\"0\" align=\"center\">\n<tbody>\n<tr>\n<td align=\"center\" width=\"33%\"><a href=\"https:\/\/www.raten.ro\/wp-content\/uploads\/2020\/02\/PROALFRED_II_2020_1.jpg\" target=\"_blank\" rel=\"noopener noreferrer\"><img loading=\"lazy\" decoding=\"async\" class=\"aligncenter wp-image-2788\" src=\"https:\/\/www.raten.ro\/wp-content\/uploads\/2020\/02\/PROALFRED_II_2020_1.jpg\" alt=\"\" width=\"239\" height=\"150\" srcset=\"https:\/\/www.raten.ro\/wp-content\/uploads\/2020\/02\/PROALFRED_II_2020_1.jpg 1406w, https:\/\/www.raten.ro\/wp-content\/uploads\/2020\/02\/PROALFRED_II_2020_1-300x189.jpg 300w, https:\/\/www.raten.ro\/wp-content\/uploads\/2020\/02\/PROALFRED_II_2020_1-1024x644.jpg 1024w, https:\/\/www.raten.ro\/wp-content\/uploads\/2020\/02\/PROALFRED_II_2020_1-768x483.jpg 768w, https:\/\/www.raten.ro\/wp-content\/uploads\/2020\/02\/PROALFRED_II_2020_1-465x292.jpg 465w, https:\/\/www.raten.ro\/wp-content\/uploads\/2020\/02\/PROALFRED_II_2020_1-695x437.jpg 695w\" sizes=\"auto, (max-width: 239px) 100vw, 239px\" \/><\/a><\/td>\n<td align=\"center\" width=\"33%\"><a href=\"https:\/\/www.raten.ro\/wp-content\/uploads\/2020\/02\/PROALFRED_II_2020_2.jpg\" target=\"_blank\" rel=\"noopener noreferrer\"><img loading=\"lazy\" decoding=\"async\" class=\"aligncenter wp-image-2789\" src=\"https:\/\/www.raten.ro\/wp-content\/uploads\/2020\/02\/PROALFRED_II_2020_2.jpg\" alt=\"\" width=\"123\" height=\"150\" srcset=\"https:\/\/www.raten.ro\/wp-content\/uploads\/2020\/02\/PROALFRED_II_2020_2.jpg 1307w, https:\/\/www.raten.ro\/wp-content\/uploads\/2020\/02\/PROALFRED_II_2020_2-245x300.jpg 245w, https:\/\/www.raten.ro\/wp-content\/uploads\/2020\/02\/PROALFRED_II_2020_2-836x1024.jpg 836w, https:\/\/www.raten.ro\/wp-content\/uploads\/2020\/02\/PROALFRED_II_2020_2-768x940.jpg 768w, https:\/\/www.raten.ro\/wp-content\/uploads\/2020\/02\/PROALFRED_II_2020_2-1255x1536.jpg 1255w, https:\/\/www.raten.ro\/wp-content\/uploads\/2020\/02\/PROALFRED_II_2020_2-449x550.jpg 449w, https:\/\/www.raten.ro\/wp-content\/uploads\/2020\/02\/PROALFRED_II_2020_2-408x500.jpg 408w\" sizes=\"auto, (max-width: 123px) 100vw, 123px\" \/><\/a><\/td>\n<td align=\"center\" width=\"33%\"><a href=\"https:\/\/www.raten.ro\/wp-content\/uploads\/2020\/02\/PROALFRED_II_2020_3.jpg\" target=\"_blank\" rel=\"noopener noreferrer\"><img loading=\"lazy\" decoding=\"async\" class=\"aligncenter wp-image-2790\" src=\"https:\/\/www.raten.ro\/wp-content\/uploads\/2020\/02\/PROALFRED_II_2020_3.jpg\" alt=\"\" width=\"317\" height=\"150\" srcset=\"https:\/\/www.raten.ro\/wp-content\/uploads\/2020\/02\/PROALFRED_II_2020_3.jpg 1600w, https:\/\/www.raten.ro\/wp-content\/uploads\/2020\/02\/PROALFRED_II_2020_3-300x142.jpg 300w, https:\/\/www.raten.ro\/wp-content\/uploads\/2020\/02\/PROALFRED_II_2020_3-1024x484.jpg 1024w, https:\/\/www.raten.ro\/wp-content\/uploads\/2020\/02\/PROALFRED_II_2020_3-768x363.jpg 768w, https:\/\/www.raten.ro\/wp-content\/uploads\/2020\/02\/PROALFRED_II_2020_3-1536x727.jpg 1536w, https:\/\/www.raten.ro\/wp-content\/uploads\/2020\/02\/PROALFRED_II_2020_3-465x220.jpg 465w, https:\/\/www.raten.ro\/wp-content\/uploads\/2020\/02\/PROALFRED_II_2020_3-695x329.jpg 695w\" sizes=\"auto, (max-width: 317px) 100vw, 317px\" \/><\/a><\/td>\n<\/tr>\n<\/tbody>\n<\/table>\n<div class=\"table-responsive\"><table  style=\"width:100%; \"  class=\"easy-table easy-table-default \" >\n<tbody>\r\n<tr><td  style=\"text-align:justify\" ><span style=\"padding-left: 20px;\">Directorul general al RATEN, Cristian GENTEA, a reprezentat RATEN la Adunarea General\u0103 a membrilor Asocia\u021biei CNR-CME din <strong>6 februarie 2020<\/strong>, ocazie cu care i s-a acordat Brevetul \u0219i Medalia CNR-CME, \u00een semn de apreciere pentru sprijinul special acordat pentru cre\u0219terea prestigiului Comitetului Na\u021bional Rom\u00e2n al Consiliului Mondial al Energiei, la nivel national \u015fi international.<\/span><\/td>\n<\/tr>\n<\/tbody><\/table><\/div>\n<table border=\"0\" width=\"880\" cellspacing=\"0\" align=\"center\">\n<tbody>\n<tr>\n<td align=\"center\" width=\"33%\"><a href=\"https:\/\/www.raten.ro\/wp-content\/uploads\/2020\/02\/CNR-CME_2020_1-scaled.jpg\" target=\"_blank\" rel=\"noopener noreferrer\"><img loading=\"lazy\" decoding=\"async\" class=\"aligncenter wp-image-2777\" src=\"https:\/\/www.raten.ro\/wp-content\/uploads\/2020\/02\/CNR-CME_2020_1-scaled.jpg\" alt=\"\" width=\"113\" height=\"150\" srcset=\"https:\/\/www.raten.ro\/wp-content\/uploads\/2020\/02\/CNR-CME_2020_1-scaled.jpg 1920w, https:\/\/www.raten.ro\/wp-content\/uploads\/2020\/02\/CNR-CME_2020_1-225x300.jpg 225w, https:\/\/www.raten.ro\/wp-content\/uploads\/2020\/02\/CNR-CME_2020_1-768x1024.jpg 768w, https:\/\/www.raten.ro\/wp-content\/uploads\/2020\/02\/CNR-CME_2020_1-1152x1536.jpg 1152w, https:\/\/www.raten.ro\/wp-content\/uploads\/2020\/02\/CNR-CME_2020_1-1536x2048.jpg 1536w, https:\/\/www.raten.ro\/wp-content\/uploads\/2020\/02\/CNR-CME_2020_1-413x550.jpg 413w, https:\/\/www.raten.ro\/wp-content\/uploads\/2020\/02\/CNR-CME_2020_1-375x500.jpg 375w\" sizes=\"auto, (max-width: 113px) 100vw, 113px\" \/><\/a><\/td>\n<td align=\"center\" width=\"33%\"><a href=\"https:\/\/www.raten.ro\/wp-content\/uploads\/2020\/02\/CNR-CME_2020_2-scaled.jpg\" target=\"_blank\" rel=\"noopener noreferrer\"><img loading=\"lazy\" decoding=\"async\" class=\"aligncenter wp-image-2778\" src=\"https:\/\/www.raten.ro\/wp-content\/uploads\/2020\/02\/CNR-CME_2020_2-scaled.jpg\" alt=\"\" width=\"113\" height=\"150\" srcset=\"https:\/\/www.raten.ro\/wp-content\/uploads\/2020\/02\/CNR-CME_2020_2-scaled.jpg 1920w, https:\/\/www.raten.ro\/wp-content\/uploads\/2020\/02\/CNR-CME_2020_2-225x300.jpg 225w, https:\/\/www.raten.ro\/wp-content\/uploads\/2020\/02\/CNR-CME_2020_2-768x1024.jpg 768w, https:\/\/www.raten.ro\/wp-content\/uploads\/2020\/02\/CNR-CME_2020_2-1152x1536.jpg 1152w, https:\/\/www.raten.ro\/wp-content\/uploads\/2020\/02\/CNR-CME_2020_2-1536x2048.jpg 1536w, https:\/\/www.raten.ro\/wp-content\/uploads\/2020\/02\/CNR-CME_2020_2-413x550.jpg 413w, https:\/\/www.raten.ro\/wp-content\/uploads\/2020\/02\/CNR-CME_2020_2-375x500.jpg 375w\" sizes=\"auto, (max-width: 113px) 100vw, 113px\" \/><\/a><\/td>\n<td align=\"center\" width=\"33%\"><a href=\"https:\/\/www.raten.ro\/wp-content\/uploads\/2020\/02\/CNR-CME_2020_3-scaled.jpg\" target=\"_blank\" rel=\"noopener noreferrer\"><img loading=\"lazy\" decoding=\"async\" class=\"aligncenter wp-image-2779\" src=\"https:\/\/www.raten.ro\/wp-content\/uploads\/2020\/02\/CNR-CME_2020_3-scaled.jpg\" alt=\"\" width=\"113\" height=\"150\" srcset=\"https:\/\/www.raten.ro\/wp-content\/uploads\/2020\/02\/CNR-CME_2020_3-scaled.jpg 1920w, https:\/\/www.raten.ro\/wp-content\/uploads\/2020\/02\/CNR-CME_2020_3-225x300.jpg 225w, https:\/\/www.raten.ro\/wp-content\/uploads\/2020\/02\/CNR-CME_2020_3-768x1024.jpg 768w, https:\/\/www.raten.ro\/wp-content\/uploads\/2020\/02\/CNR-CME_2020_3-1152x1536.jpg 1152w, https:\/\/www.raten.ro\/wp-content\/uploads\/2020\/02\/CNR-CME_2020_3-1536x2048.jpg 1536w, https:\/\/www.raten.ro\/wp-content\/uploads\/2020\/02\/CNR-CME_2020_3-413x550.jpg 413w, https:\/\/www.raten.ro\/wp-content\/uploads\/2020\/02\/CNR-CME_2020_3-375x500.jpg 375w\" sizes=\"auto, (max-width: 113px) 100vw, 113px\" \/><\/a><\/td>\n<\/tr>\n<tr>\n<td align=\"center\" width=\"33%\"><a href=\"https:\/\/www.raten.ro\/wp-content\/uploads\/2020\/02\/CNR-CME_2020__4.jpg\" target=\"_blank\" rel=\"noopener noreferrer\"><img loading=\"lazy\" decoding=\"async\" class=\"aligncenter wp-image-2783\" src=\"https:\/\/www.raten.ro\/wp-content\/uploads\/2020\/02\/CNR-CME_2020__4.jpg\" alt=\"\" width=\"210\" height=\"150\" srcset=\"https:\/\/www.raten.ro\/wp-content\/uploads\/2020\/02\/CNR-CME_2020__4.jpg 1021w, https:\/\/www.raten.ro\/wp-content\/uploads\/2020\/02\/CNR-CME_2020__4-300x214.jpg 300w, https:\/\/www.raten.ro\/wp-content\/uploads\/2020\/02\/CNR-CME_2020__4-768x549.jpg 768w, https:\/\/www.raten.ro\/wp-content\/uploads\/2020\/02\/CNR-CME_2020__4-465x332.jpg 465w, https:\/\/www.raten.ro\/wp-content\/uploads\/2020\/02\/CNR-CME_2020__4-695x497.jpg 695w\" sizes=\"auto, (max-width: 210px) 100vw, 210px\" \/><\/a><\/td>\n<td align=\"center\" width=\"33%\"><a href=\"https:\/\/www.raten.ro\/wp-content\/uploads\/2020\/02\/CNR-CME_2020_5.jpg\" target=\"_blank\" rel=\"noopener noreferrer\"><img loading=\"lazy\" decoding=\"async\" class=\"aligncenter wp-image-2781\" src=\"https:\/\/www.raten.ro\/wp-content\/uploads\/2020\/02\/CNR-CME_2020_5.jpg\" alt=\"\" width=\"113\" height=\"150\" srcset=\"https:\/\/www.raten.ro\/wp-content\/uploads\/2020\/02\/CNR-CME_2020_5.jpg 768w, https:\/\/www.raten.ro\/wp-content\/uploads\/2020\/02\/CNR-CME_2020_5-225x300.jpg 225w, https:\/\/www.raten.ro\/wp-content\/uploads\/2020\/02\/CNR-CME_2020_5-413x550.jpg 413w, https:\/\/www.raten.ro\/wp-content\/uploads\/2020\/02\/CNR-CME_2020_5-375x500.jpg 375w\" sizes=\"auto, (max-width: 113px) 100vw, 113px\" \/><\/a><\/td>\n<td align=\"center\" width=\"33%\"><a href=\"https:\/\/www.raten.ro\/wp-content\/uploads\/2020\/02\/CNR-CME_2020__6.jpg\" target=\"_blank\" rel=\"noopener noreferrer\"><img loading=\"lazy\" decoding=\"async\" class=\"aligncenter wp-image-2784\" src=\"https:\/\/www.raten.ro\/wp-content\/uploads\/2020\/02\/CNR-CME_2020__6.jpg\" alt=\"\" width=\"269\" height=\"150\" srcset=\"https:\/\/www.raten.ro\/wp-content\/uploads\/2020\/02\/CNR-CME_2020__6.jpg 1021w, https:\/\/www.raten.ro\/wp-content\/uploads\/2020\/02\/CNR-CME_2020__6-300x167.jpg 300w, https:\/\/www.raten.ro\/wp-content\/uploads\/2020\/02\/CNR-CME_2020__6-768x429.jpg 768w, https:\/\/www.raten.ro\/wp-content\/uploads\/2020\/02\/CNR-CME_2020__6-465x260.jpg 465w, https:\/\/www.raten.ro\/wp-content\/uploads\/2020\/02\/CNR-CME_2020__6-695x388.jpg 695w\" sizes=\"auto, (max-width: 269px) 100vw, 269px\" \/><\/a><\/td>\n<\/tr>\n<\/tbody>\n<\/table>\n<p><div class=\"show_more\"><p class=\"wpsm-show\" style=\"color: blue; font-size: 100%; text-align: left;\">\u00bb Cite\u0219te mai mult<\/p><div class=\"wpsm-content\"><!--*****************************--><br \/>\n<div class=\"table-responsive\"><table  style=\"width:100%; \"  class=\"easy-table easy-table-default \" >\n<tbody>\r\n<tr><td  style=\"text-align:justify\" ><span style=\"padding-left: 20px;\">Directorul General RATEN, Cristian GENTEA, particip\u0103 la Sedin\u0163a Adun\u0103rii Generale ROMATOM, \u00een data de <strong>14 decembrie 2019<\/strong>, pentru analiza activit\u0103\u0163ii \u00een 2019, aprobarea Programului de activitate \u00een 2020 \u015fi alegerea Pre\u015fedintelui ROMATOM.<\/span><\/td>\n<\/tr>\n<\/tbody><\/table><\/div><\/p>\n<table border=\"0\" width=\"880\" cellspacing=\"0\" align=\"center\">\n<tbody>\n<tr>\n<td align=\"center\" width=\"33%\"><a href=\"https:\/\/www.raten.ro\/wp-content\/uploads\/2019\/12\/ROMATOM_2019_1-scaled.jpg\" target=\"_blank\" rel=\"noopener noreferrer\"><img loading=\"lazy\" decoding=\"async\" class=\"aligncenter wp-image-2721\" src=\"https:\/\/www.raten.ro\/wp-content\/uploads\/2019\/12\/ROMATOM_2019_1-scaled.jpg\" alt=\"\" width=\"309\" height=\"150\" srcset=\"https:\/\/www.raten.ro\/wp-content\/uploads\/2019\/12\/ROMATOM_2019_1-scaled.jpg 2560w, https:\/\/www.raten.ro\/wp-content\/uploads\/2019\/12\/ROMATOM_2019_1-300x146.jpg 300w, https:\/\/www.raten.ro\/wp-content\/uploads\/2019\/12\/ROMATOM_2019_1-1024x498.jpg 1024w, https:\/\/www.raten.ro\/wp-content\/uploads\/2019\/12\/ROMATOM_2019_1-768x373.jpg 768w, https:\/\/www.raten.ro\/wp-content\/uploads\/2019\/12\/ROMATOM_2019_1-1536x747.jpg 1536w, https:\/\/www.raten.ro\/wp-content\/uploads\/2019\/12\/ROMATOM_2019_1-2048x996.jpg 2048w, https:\/\/www.raten.ro\/wp-content\/uploads\/2019\/12\/ROMATOM_2019_1-465x226.jpg 465w, https:\/\/www.raten.ro\/wp-content\/uploads\/2019\/12\/ROMATOM_2019_1-695x338.jpg 695w\" sizes=\"auto, (max-width: 309px) 100vw, 309px\" \/><\/a><\/td>\n<td align=\"center\" width=\"33%\"><a href=\"https:\/\/www.raten.ro\/wp-content\/uploads\/2019\/12\/ROMATOM_2019_2-scaled.jpg\" target=\"_blank\" rel=\"noopener noreferrer\"><img loading=\"lazy\" decoding=\"async\" class=\"aligncenter wp-image-2722\" src=\"https:\/\/www.raten.ro\/wp-content\/uploads\/2019\/12\/ROMATOM_2019_2-scaled.jpg\" alt=\"\" width=\"309\" height=\"150\" srcset=\"https:\/\/www.raten.ro\/wp-content\/uploads\/2019\/12\/ROMATOM_2019_2-scaled.jpg 2560w, https:\/\/www.raten.ro\/wp-content\/uploads\/2019\/12\/ROMATOM_2019_2-300x146.jpg 300w, https:\/\/www.raten.ro\/wp-content\/uploads\/2019\/12\/ROMATOM_2019_2-1024x498.jpg 1024w, https:\/\/www.raten.ro\/wp-content\/uploads\/2019\/12\/ROMATOM_2019_2-768x373.jpg 768w, https:\/\/www.raten.ro\/wp-content\/uploads\/2019\/12\/ROMATOM_2019_2-1536x747.jpg 1536w, https:\/\/www.raten.ro\/wp-content\/uploads\/2019\/12\/ROMATOM_2019_2-2048x996.jpg 2048w, https:\/\/www.raten.ro\/wp-content\/uploads\/2019\/12\/ROMATOM_2019_2-465x226.jpg 465w, https:\/\/www.raten.ro\/wp-content\/uploads\/2019\/12\/ROMATOM_2019_2-695x338.jpg 695w\" sizes=\"auto, (max-width: 309px) 100vw, 309px\" \/><\/a><\/td>\n<td align=\"center\" width=\"33%\"><a href=\"https:\/\/www.raten.ro\/wp-content\/uploads\/2019\/12\/ROMATOM_2019_3-scaled.jpg\" target=\"_blank\" rel=\"noopener noreferrer\"><img loading=\"lazy\" decoding=\"async\" class=\"aligncenter wp-image-2723\" src=\"https:\/\/www.raten.ro\/wp-content\/uploads\/2019\/12\/ROMATOM_2019_3-scaled.jpg\" alt=\"\" width=\"309\" height=\"150\" srcset=\"https:\/\/www.raten.ro\/wp-content\/uploads\/2019\/12\/ROMATOM_2019_3-scaled.jpg 2560w, https:\/\/www.raten.ro\/wp-content\/uploads\/2019\/12\/ROMATOM_2019_3-300x146.jpg 300w, https:\/\/www.raten.ro\/wp-content\/uploads\/2019\/12\/ROMATOM_2019_3-1024x498.jpg 1024w, https:\/\/www.raten.ro\/wp-content\/uploads\/2019\/12\/ROMATOM_2019_3-768x373.jpg 768w, https:\/\/www.raten.ro\/wp-content\/uploads\/2019\/12\/ROMATOM_2019_3-1536x747.jpg 1536w, https:\/\/www.raten.ro\/wp-content\/uploads\/2019\/12\/ROMATOM_2019_3-2048x996.jpg 2048w, https:\/\/www.raten.ro\/wp-content\/uploads\/2019\/12\/ROMATOM_2019_3-465x226.jpg 465w, https:\/\/www.raten.ro\/wp-content\/uploads\/2019\/12\/ROMATOM_2019_3-695x338.jpg 695w\" sizes=\"auto, (max-width: 309px) 100vw, 309px\" \/><\/a><\/td>\n<\/tr>\n<\/tbody>\n<\/table>\n<div class=\"table-responsive\"><table  style=\"width:100%; \"  class=\"easy-table easy-table-default \" >\n<tbody>\r\n<tr><td  style=\"text-align:justify\" ><span style=\"padding-left: 20px;\">Directorul General RATEN, Cristian GENTEA, particip\u0103 la lansarea Proiectului PROALFRED, PNCDIII, Competi\u01abia C1-ALFRED, \u00een data de <strong>25 septembrie 2019<\/strong>, la sediul Institutului de Cercet\u0103ri Nucleare (RATEN ICN).<\/span><\/td>\n<\/tr>\n<\/tbody><\/table><\/div>\n<table border=\"0\" width=\"880\" cellspacing=\"0\" align=\"center\">\n<tbody>\n<tr>\n<td align=\"center\" width=\"50%\"><a href=\"https:\/\/www.raten.ro\/wp-content\/uploads\/2019\/09\/Pro_ALFRED_2019_1.jpg\" target=\"_blank\" rel=\"noopener noreferrer\"><img loading=\"lazy\" decoding=\"async\" class=\"wp-image-2662 alignright\" src=\"https:\/\/www.raten.ro\/wp-content\/uploads\/2019\/09\/Pro_ALFRED_2019_1.jpg\" alt=\"\" width=\"248\" height=\"150\" srcset=\"https:\/\/www.raten.ro\/wp-content\/uploads\/2019\/09\/Pro_ALFRED_2019_1.jpg 1534w, https:\/\/www.raten.ro\/wp-content\/uploads\/2019\/09\/Pro_ALFRED_2019_1-300x181.jpg 300w, https:\/\/www.raten.ro\/wp-content\/uploads\/2019\/09\/Pro_ALFRED_2019_1-768x465.jpg 768w, https:\/\/www.raten.ro\/wp-content\/uploads\/2019\/09\/Pro_ALFRED_2019_1-1024x619.jpg 1024w, https:\/\/www.raten.ro\/wp-content\/uploads\/2019\/09\/Pro_ALFRED_2019_1-465x281.jpg 465w, https:\/\/www.raten.ro\/wp-content\/uploads\/2019\/09\/Pro_ALFRED_2019_1-695x420.jpg 695w\" sizes=\"auto, (max-width: 248px) 100vw, 248px\" \/><\/a><\/td>\n<td align=\"center\" width=\"50%\"><a href=\"https:\/\/www.raten.ro\/wp-content\/uploads\/2019\/09\/Pro_ALFRED_2019_2.jpg\" target=\"_blank\" rel=\"noopener noreferrer\"><img loading=\"lazy\" decoding=\"async\" class=\"wp-image-2663 alignleft\" src=\"https:\/\/www.raten.ro\/wp-content\/uploads\/2019\/09\/Pro_ALFRED_2019_2.jpg\" alt=\"\" width=\"249\" height=\"150\" srcset=\"https:\/\/www.raten.ro\/wp-content\/uploads\/2019\/09\/Pro_ALFRED_2019_2.jpg 1600w, https:\/\/www.raten.ro\/wp-content\/uploads\/2019\/09\/Pro_ALFRED_2019_2-300x181.jpg 300w, https:\/\/www.raten.ro\/wp-content\/uploads\/2019\/09\/Pro_ALFRED_2019_2-768x463.jpg 768w, https:\/\/www.raten.ro\/wp-content\/uploads\/2019\/09\/Pro_ALFRED_2019_2-1024x618.jpg 1024w, https:\/\/www.raten.ro\/wp-content\/uploads\/2019\/09\/Pro_ALFRED_2019_2-465x280.jpg 465w, https:\/\/www.raten.ro\/wp-content\/uploads\/2019\/09\/Pro_ALFRED_2019_2-695x419.jpg 695w\" sizes=\"auto, (max-width: 249px) 100vw, 249px\" \/><\/a><\/td>\n<\/tr>\n<tr>\n<td align=\"center\" width=\"50%\"><a href=\"https:\/\/www.raten.ro\/wp-content\/uploads\/2019\/09\/Pro_ALFRED_2019_3.jpg\" target=\"_blank\" rel=\"noopener noreferrer\"><img loading=\"lazy\" decoding=\"async\" class=\"wp-image-2664 alignright\" src=\"https:\/\/www.raten.ro\/wp-content\/uploads\/2019\/09\/Pro_ALFRED_2019_3.jpg\" alt=\"\" width=\"308\" height=\"150\" srcset=\"https:\/\/www.raten.ro\/wp-content\/uploads\/2019\/09\/Pro_ALFRED_2019_3.jpg 1600w, https:\/\/www.raten.ro\/wp-content\/uploads\/2019\/09\/Pro_ALFRED_2019_3-300x146.jpg 300w, https:\/\/www.raten.ro\/wp-content\/uploads\/2019\/09\/Pro_ALFRED_2019_3-768x373.jpg 768w, https:\/\/www.raten.ro\/wp-content\/uploads\/2019\/09\/Pro_ALFRED_2019_3-1024x498.jpg 1024w, https:\/\/www.raten.ro\/wp-content\/uploads\/2019\/09\/Pro_ALFRED_2019_3-465x226.jpg 465w, https:\/\/www.raten.ro\/wp-content\/uploads\/2019\/09\/Pro_ALFRED_2019_3-695x338.jpg 695w\" sizes=\"auto, (max-width: 308px) 100vw, 308px\" \/><\/a><\/td>\n<td align=\"center\" width=\"50%\"><a href=\"https:\/\/www.raten.ro\/wp-content\/uploads\/2019\/09\/Pro_ALFRED_2019_4.jpg\" target=\"_blank\" rel=\"noopener noreferrer\"><img loading=\"lazy\" decoding=\"async\" class=\"wp-image-2665 alignleft\" src=\"https:\/\/www.raten.ro\/wp-content\/uploads\/2019\/09\/Pro_ALFRED_2019_4.jpg\" alt=\"\" width=\"267\" height=\"150\" srcset=\"https:\/\/www.raten.ro\/wp-content\/uploads\/2019\/09\/Pro_ALFRED_2019_4.jpg 1600w, https:\/\/www.raten.ro\/wp-content\/uploads\/2019\/09\/Pro_ALFRED_2019_4-300x169.jpg 300w, https:\/\/www.raten.ro\/wp-content\/uploads\/2019\/09\/Pro_ALFRED_2019_4-768x432.jpg 768w, https:\/\/www.raten.ro\/wp-content\/uploads\/2019\/09\/Pro_ALFRED_2019_4-1024x576.jpg 1024w, https:\/\/www.raten.ro\/wp-content\/uploads\/2019\/09\/Pro_ALFRED_2019_4-465x262.jpg 465w, https:\/\/www.raten.ro\/wp-content\/uploads\/2019\/09\/Pro_ALFRED_2019_4-695x391.jpg 695w\" sizes=\"auto, (max-width: 267px) 100vw, 267px\" \/><\/a><\/td>\n<\/tr>\n<\/tbody>\n<\/table>\n<div class=\"table-responsive\"><table  style=\"width:100%; \"  class=\"easy-table easy-table-default \" >\n<tbody>\r\n<tr><td  style=\"text-align:justify\" ><span style=\"padding-left: 20px;\">Directorul General RATEN, Cristian GENTEA, conducerile RATEN ICN \u015fi RATEN CITON, particip\u0103 la cea de a 63-a Sesiune Anual\u0103 a Conferin\u021bei Generale a Agen\u0163iei Interna\u0163ionale de Energie Atomic\u0103, precum \u015fi la Forumul Stiin\u0163ific, organizat cu acest prilej, intitulat \u201e<strong><em>A decade of Action on Cancer Control and the Way Forward<\/em><\/strong>\u201d, \u00een perioada <strong>16-20 septembrie 2019<\/strong>, la sediul IAEA &#8211; Viena.<\/span><\/td>\n<\/tr>\n<\/tbody><\/table><\/div>\n<table border=\"0\" width=\"880\" cellspacing=\"0\" align=\"center\">\n<tbody>\n<tr>\n<td align=\"center\" width=\"50%\"><a href=\"https:\/\/www.raten.ro\/wp-content\/uploads\/2019\/09\/IAEA_Viena_2019_1.jpg\" target=\"_blank\" rel=\"noopener noreferrer\"><img loading=\"lazy\" decoding=\"async\" class=\"wp-image-2505 alignright\" src=\"https:\/\/www.raten.ro\/wp-content\/uploads\/2019\/09\/IAEA_Viena_2019_1.jpg\" alt=\"\" width=\"181\" height=\"150\" srcset=\"https:\/\/www.raten.ro\/wp-content\/uploads\/2019\/09\/IAEA_Viena_2019_1.jpg 1200w, https:\/\/www.raten.ro\/wp-content\/uploads\/2019\/09\/IAEA_Viena_2019_1-300x249.jpg 300w, https:\/\/www.raten.ro\/wp-content\/uploads\/2019\/09\/IAEA_Viena_2019_1-768x636.jpg 768w, https:\/\/www.raten.ro\/wp-content\/uploads\/2019\/09\/IAEA_Viena_2019_1-1024x848.jpg 1024w, https:\/\/www.raten.ro\/wp-content\/uploads\/2019\/09\/IAEA_Viena_2019_1-465x385.jpg 465w, https:\/\/www.raten.ro\/wp-content\/uploads\/2019\/09\/IAEA_Viena_2019_1-604x500.jpg 604w\" sizes=\"auto, (max-width: 181px) 100vw, 181px\" \/><\/a><\/td>\n<td align=\"center\" width=\"50%\"><a href=\"https:\/\/www.raten.ro\/wp-content\/uploads\/2019\/09\/IAEA_Viena_2019.jpg\" target=\"_blank\" rel=\"noopener noreferrer\"><img loading=\"lazy\" decoding=\"async\" class=\"wp-image-2492 alignleft\" src=\"https:\/\/www.raten.ro\/wp-content\/uploads\/2019\/09\/IAEA_Viena_2019.jpg\" alt=\"\" width=\"200\" height=\"150\" srcset=\"https:\/\/www.raten.ro\/wp-content\/uploads\/2019\/09\/IAEA_Viena_2019.jpg 1024w, https:\/\/www.raten.ro\/wp-content\/uploads\/2019\/09\/IAEA_Viena_2019-300x225.jpg 300w, https:\/\/www.raten.ro\/wp-content\/uploads\/2019\/09\/IAEA_Viena_2019-768x576.jpg 768w, https:\/\/www.raten.ro\/wp-content\/uploads\/2019\/09\/IAEA_Viena_2019-465x349.jpg 465w, https:\/\/www.raten.ro\/wp-content\/uploads\/2019\/09\/IAEA_Viena_2019-667x500.jpg 667w\" sizes=\"auto, (max-width: 200px) 100vw, 200px\" \/><\/a><\/td>\n<\/tr>\n<\/tbody>\n<\/table>\n<div class=\"table-responsive\"><table  style=\"width:100%; \"  class=\"easy-table easy-table-default \" >\n<tbody>\r\n<tr><td  style=\"text-align:justify\" ><span style=\"padding-left: 20px;\">Directorul General RATEN, Cristian GENTEA, particip\u0103 la Sesiunea de Deschidere a Conferin\u021belor FISA2019 EURADWASTE'19, organizate cu ocazia Pre\u0219edin\u021biei Rom\u00e2niei la Consiliul Uniunii Europene, de c\u0103tre Comisia Europeana \u0219i RATEN ICN, \u00een municipiul Pite\u015fti, \u00eentre <strong>4 \u2013 7 iunie 2019<\/strong>. <\/span><\/td>\n<\/tr>\n<\/tbody><\/table><\/div>\n<table border=\"0\" width=\"880\" cellspacing=\"0\" align=\"center\">\n<tbody>\n<tr>\n<td align=\"center\" width=\"50%\"><a href=\"https:\/\/www.raten.ro\/wp-content\/uploads\/2019\/07\/FISA_2019_1.jpg\" target=\"_blank\" rel=\"noopener noreferrer\"><img loading=\"lazy\" decoding=\"async\" class=\"wp-image-1998 alignright\" src=\"https:\/\/www.raten.ro\/wp-content\/uploads\/2019\/07\/FISA_2019_1-150x150.jpg\" alt=\"\" width=\"270\" height=\"150\" srcset=\"https:\/\/www.raten.ro\/wp-content\/uploads\/2019\/07\/FISA_2019_1-300x167.jpg 300w, https:\/\/www.raten.ro\/wp-content\/uploads\/2019\/07\/FISA_2019_1-768x426.jpg 768w, https:\/\/www.raten.ro\/wp-content\/uploads\/2019\/07\/FISA_2019_1-1024x568.jpg 1024w, https:\/\/www.raten.ro\/wp-content\/uploads\/2019\/07\/FISA_2019_1-465x258.jpg 465w, https:\/\/www.raten.ro\/wp-content\/uploads\/2019\/07\/FISA_2019_1-695x386.jpg 695w\" sizes=\"auto, (max-width: 270px) 100vw, 270px\" \/><\/a><\/td>\n<td align=\"center\" width=\"50%\"><a href=\"https:\/\/www.raten.ro\/wp-content\/uploads\/2019\/07\/FISA_2019_2.jpg\" target=\"_blank\" rel=\"noopener noreferrer\"><img loading=\"lazy\" decoding=\"async\" class=\"wp-image-1999 alignleft\" src=\"https:\/\/www.raten.ro\/wp-content\/uploads\/2019\/07\/FISA_2019_2-150x150.jpg\" alt=\"\" width=\"169\" height=\"150\" srcset=\"https:\/\/www.raten.ro\/wp-content\/uploads\/2019\/07\/FISA_2019_2-300x267.jpg 300w, https:\/\/www.raten.ro\/wp-content\/uploads\/2019\/07\/FISA_2019_2-768x683.jpg 768w, https:\/\/www.raten.ro\/wp-content\/uploads\/2019\/07\/FISA_2019_2-1024x911.jpg 1024w, https:\/\/www.raten.ro\/wp-content\/uploads\/2019\/07\/FISA_2019_2-465x414.jpg 465w, https:\/\/www.raten.ro\/wp-content\/uploads\/2019\/07\/FISA_2019_2-562x500.jpg 562w\" sizes=\"auto, (max-width: 169px) 100vw, 169px\" \/><\/a><\/td>\n<\/tr>\n<\/tbody>\n<\/table>\n<div class=\"table-responsive\"><table  style=\"width:100%; \"  class=\"easy-table easy-table-default \" >\n<tbody>\r\n<tr><td  style=\"text-align:justify\" ><span style=\"padding-left: 20px;\">Directorul General RATEN, Cristian GENTEA, a participat la Sesiunea de Deschidere a celei de-a 12-a edi\u021bii a Conferin\u021bei Interna\u021bionale Anuale privind Stabilitatea Durabil\u0103 prin Cercetare Nuclear\u0103 \u0219i Educa\u021bie, \"Nuclear 2019\", organizat\u0103 de RATEN ICN sub auspiciile Academiei Rom\u00e2ne, pe platforma nuclear\u0103 Mioveni, \u00een data de <strong>3 iunie 2019<\/strong>.<\/span><\/td>\n<\/tr>\n<\/tbody><\/table><\/div>\n<table border=\"0\" width=\"880\" cellspacing=\"0\" align=\"center\">\n<tbody>\n<tr>\n<td align=\"center\" width=\"50%\"><a href=\"https:\/\/www.raten.ro\/wp-content\/uploads\/2019\/07\/Nuclear_2019_1.jpg\" target=\"_blank\" rel=\"noopener noreferrer\"><img loading=\"lazy\" decoding=\"async\" class=\"wp-image-1996 alignright\" src=\"https:\/\/www.raten.ro\/wp-content\/uploads\/2019\/07\/Nuclear_2019_1-150x150.jpg\" alt=\"\" width=\"225\" height=\"150\" srcset=\"https:\/\/www.raten.ro\/wp-content\/uploads\/2019\/07\/Nuclear_2019_1-300x200.jpg 300w, https:\/\/www.raten.ro\/wp-content\/uploads\/2019\/07\/Nuclear_2019_1-768x512.jpg 768w, https:\/\/www.raten.ro\/wp-content\/uploads\/2019\/07\/Nuclear_2019_1-1024x683.jpg 1024w, https:\/\/www.raten.ro\/wp-content\/uploads\/2019\/07\/Nuclear_2019_1-465x310.jpg 465w, https:\/\/www.raten.ro\/wp-content\/uploads\/2019\/07\/Nuclear_2019_1-695x463.jpg 695w\" sizes=\"auto, (max-width: 225px) 100vw, 225px\" \/><\/a><\/td>\n<td align=\"center\" width=\"50%\"><a href=\"https:\/\/www.raten.ro\/wp-content\/uploads\/2019\/07\/Nuclear_2019_2.jpg\" target=\"_blank\" rel=\"noopener noreferrer\"><img loading=\"lazy\" decoding=\"async\" class=\"wp-image-1997 alignleft\" src=\"https:\/\/www.raten.ro\/wp-content\/uploads\/2019\/07\/Nuclear_2019_2-150x150.jpg\" alt=\"\" width=\"146\" height=\"150\" srcset=\"https:\/\/www.raten.ro\/wp-content\/uploads\/2019\/07\/Nuclear_2019_2-292x300.jpg 292w, https:\/\/www.raten.ro\/wp-content\/uploads\/2019\/07\/Nuclear_2019_2-768x789.jpg 768w, https:\/\/www.raten.ro\/wp-content\/uploads\/2019\/07\/Nuclear_2019_2-996x1024.jpg 996w, https:\/\/www.raten.ro\/wp-content\/uploads\/2019\/07\/Nuclear_2019_2-465x478.jpg 465w, https:\/\/www.raten.ro\/wp-content\/uploads\/2019\/07\/Nuclear_2019_2-486x500.jpg 486w\" sizes=\"auto, (max-width: 146px) 100vw, 146px\" \/><\/a><\/td>\n<\/tr>\n<\/tbody>\n<\/table>\n<p><div class=\"table-responsive\"><table  style=\"width:100%; \"  class=\"easy-table easy-table-default \" >\n<tbody>\r\n<tr><td  style=\"text-align:justify\" ><span style=\"padding-left: 20px;\">Directorul General RATEN, Cristian GENTEA, semneaz\u0103 la sediul Ministerului Energiei, luni <strong>4 februarie 2019<\/strong>, Memorandumul de \u00een\u021belegere \u00eentre firma american\u0103 Perma-Fix Environmental Services Inc \u015fi RATEN, pentru implementarea metodei de ob\u021binere a generatoarelor Tc 99, \u00een celulele fierbin\u021bi ale RATEN ICN.<\/span><\/td>\n<\/tr>\n<\/tbody><\/table><\/div><br \/>\n<div class=\"table-responsive\"><table  style=\"width:100%; \"  class=\"easy-table easy-table-default \" >\n<tbody>\r\n<tr><td  style=\"text-align:justify\" ><span style=\"padding-left: 20px;\">Directorul general RATEN, Cristian GENTEA, particip\u0103 la \u0219edin\u021ba Comisiei pentru energie, infrastructur\u0103 energetic\u0103 \u0219i resurse minerale cu tema \u201e<strong><em>Analiza privind situa\u021bia sectorului energiei nucleare \u00een Rom\u00e2nia \u0219i aspecte privind aplicarea prevederilor Legii nr 193 din 19 iulie 2018<\/em><\/strong> \u201d, la Senatul Rom\u00e2niei, \u00een data de <strong>30 octombrie 2018<\/strong>.<\/span><\/td>\n<\/tr>\n\r\n<tr><td  style=\"text-align:justify\" ><span style=\"padding-left: 20px;\">Directorul general RATEN, Cristian GENTEA, particip\u0103 la cea de-a 62-a edi\u0163ie a sesiunii anuale a Conferin\u021bei Generale IAEA \u0219i la Forumul \u0219tiin\u021bific viz\u00e2nd aplica\u0163iile tehnologiilor nucleare \u00een domeniul schimb\u0103rilor climatice, intitulat \u201e<em><strong>Nuclear Technology for Climate: Mitigation, Monitoring and Adaptation\u201d<\/strong><\/em>, la Vienna International Centre, in Viena, Austria, \u00een perioada <strong>17-21 septembrie 2018<\/strong>.<\/span><\/td>\n<\/tr>\n\r\n<tr><td  style=\"text-align:justify\" ><span style=\"padding-left: 20px;\">Dl Cristian GENTEA, Directorul General RATEN, particip\u0103 la semnarea <em><strong>Memorandumului de \u00cen\u0163elegere \u00eentre Parteneriatul pentru Cercetare \u015fi Educa\u0163ie pentru Sisteme Nucleare Avansate (CESINA) \u015fi Societatea Na\u0163ional\u0103 Nuclearelectrica SA (SNN)<\/strong><\/em>, la sediul SNN, \u00een data de <strong>14 martie 2018<\/strong>.<\/span><\/td>\n<\/tr>\n\r\n<tr><td  style=\"text-align:justify\" ><span style=\"padding-left: 20px;\">Dl Cristian GENTEA, Directorul General RATEN, semneaz\u0103 <em><strong>Acordul \u00eentre Comisariatul pentru Energie Atomic\u0103 \u015fi Energii Alternative (CEA) \u015fi Regia Autonom\u0103 Tehnologii pentru Energia Nuclear\u0103 (RATEN), \u00een domeniul \u015ftiin\u0163ei \u015fI tehnologiei nucleare, utilizat\u0103 \u00een scopuri pa\u015fnice<\/strong><\/em>, la sediul Institutului de Cercet\u0103ri Nucleare (RATEN ICN), \u00een data de <strong>28 februarie 2018<\/strong>.<\/span><\/td>\n<\/tr>\n\r\n<tr><td  style=\"text-align:justify\" ><span style=\"padding-left: 20px;\">Directorul General RATEN, dl Cristian GENTEA, particip\u0103 la semnarea Protocolului de colaborare \u00eentre <strong><em>Institutul de Geodinamic\u0103 al Academiei Rom\u00e2ne<\/em><\/strong> \u015fi sucursala <strong><em>Institutul de Cercet\u0103ri Nucleare (RATEN ICN)<\/em><\/strong>, \u00een data de <strong>22 februarie 2018<\/strong>, la sediul RATEN ICN pe Platforma Nuclear\u0103 Mioveni.<\/span><\/td>\n<\/tr>\n\r\n<tr><td  style=\"text-align:justify\" ><span style=\"padding-left: 20px;\">Conducerea RATEN particip\u0103 la Simpozionul Interna\u021bional de Energie Nuclear\u0103, SIEN 2017, organizat de AREN \u00een parteneriat cu ROMATOM \u0219i WiNRo Rom\u00e2nia, sub auspiciile Societ\u0103\u021bii Nucleare Europene ENS, la Bucure\u0219ti, \u00een perioada <strong>2-4 octombrie 2017<\/strong>.<\/span><\/td>\n<\/tr>\n\r\n<tr><td  style=\"text-align:justify\" ><span style=\"padding-left: 20px;\">Delega\u0163ia RATEN, reprezentat\u0103 de dl Senator \u0218erban Valeca, Pre\u015fedintele Consiliului \u0218tiin\u0163ific ICN, dl Cristian Gentea, Directorul General RATEN, dl Constantin P\u0103unoiu, Directorul Sucursalei RATEN ICN, dl Gheorghe Staicu, Directorul Adj RATEN CITON, particip\u0103 la cea de a 61 Sesiune Anual\u0103 a Conferin\u021bei Generale a Agen\u0163iei Interna\u0163ionale de Energie Atomic\u0103, la sediul s\u0103u din Viena \u00een perioada <strong>18-22 septembrie 2017.<\/strong><\/span><\/td>\n<\/tr>\n\r\n<tr><td  style=\"text-align:justify\" ><span style=\"padding-left: 20px;\">Delega\u021bia RATEN, reprezentat\u0103 de Dna Director Strategie \u0219i Dezvoltare, Maria Roth, Dl Director Constantin P\u0102UNOIU, Dl Director Adrian RIZEA \u0219i Dl Director \u0218tiin\u021bific Alexandru TOMA, primesc vizita dlui William Magwood IV, Director General NEA \u2013 OECD, pe platforma nuclear\u0103 Mioveni, \u00een data de <strong>29 august 2017<\/strong>, cu ocazia ader\u0103rii Rom\u00e2niei ca stat membru la Agen\u021bia Nuclear\u0103 pentru Energie din cadrul Organiza\u021biei pentru Cooperare \u0219i Dezvoltare Economic\u0103 (NEA-OECD).<\/span><\/td>\n<\/tr>\n\r\n<tr><td  style=\"text-align:justify\" ><span style=\"padding-left: 20px;\">Delega\u021bia RATEN, reprezentat\u0103 de Dl Director General, Cristian PATTICU, Dna Director Strategie \u0219i Dezvoltare, Maria Roth, Dl Director Constantin P\u0102UNOIU, Dl Director Adrian RIZEA \u015fi Dl Director \u0218tiin\u021bific Ilie TURCU, particip\u0103 la \u00cent\u00e2lnirea tehnic\u0103 de lucru, organizat\u0103 de Ministerul Energiei, cu ocazia Misiunii de evaluare a Rom\u00e2niei, \u00een vederea accederii ca stat membru NEA-OECD, \u00een data de <strong>2 februarie 2017<\/strong>, la sediul Ministerului Cercet\u0103rii \u0219i Inov\u0103rii.<\/span><\/td>\n<\/tr>\n\r\n<tr><td  style=\"text-align:justify\" ><span style=\"padding-left: 20px;\">Directorul Strategie \u015fi Dezvoltare, Maria Roth, particip\u0103 la dezbaterea Strategiei Energetice a Rom\u00e2niei 2016-2030, cu perspectiva anului 2050, aflat\u0103 \u00een dezbaterea public\u0103, eveniment organizat de Ministerul Energiei \u015fi Funda\u0163ia C.A.E.S.A.R., joi <strong>24 noiembrie 2016<\/strong>.<\/span><\/td>\n<\/tr>\n\r\n<tr><td  style=\"text-align:justify\" ><span style=\"padding-left: 20px;\">Directorul General RATEN, Cristian PATTICU, particip\u0103 la aniversarea celor 60 de ani de existen\u0163\u0103 a Institutului de Fizic\u0103 Atomic\u0103 de la M\u0103gurele \u015fi \u00eemplinirii a 120 de ani de la na\u015fterea Profesorului Horia Hulubei, \u00een data de <strong>15 noiembrie 2016<\/strong>, la Sala de Conferin\u0163e a IFIN \u2013 HH.<\/span><\/td>\n<\/tr>\n\r\n<tr><td  style=\"text-align:justify\" ><span style=\"padding-left: 20px;\">Directorul General RATEN, Cristian PATTICU, particip\u0103 la Conferin\u0163a \"Resursele umane cea mai mare provocare pentru proiectele actuale \u015fi de viitor \u00een domeniul nuclear\" organizat\u0103 de ROMATOM cu sprijinul publicatiei Energy-Center, \u00een data de <strong>19 octombrie 2016<\/strong>, la Bucure\u015fti, Hotel Intercontinental.<\/span><\/td>\n<\/tr>\n\r\n<tr><td  style=\"text-align:justify\" ><span style=\"padding-left: 20px;\">Delega\u021bia RATEN, reprezentat\u0103 de Dl Director General, Cristian PATTICU, Dl Director Constantin P\u0102UNOIU \u0219i Dl Director Adj. Securitate Nuclear\u0103, Cristian GENTEA, particip\u0103 la cea de-a 60-a Sesiune Anual\u0103 a Conferin\u021bei Generale a Agen\u021biei Interna\u021bionale pentru Energie Atomic\u0103, IAEA, \u0219i a Forumului \u0218tiin\u021bific organizat cu acest prilej. Evenimentele au loc \u00een perioada <strong>26-30 septembrie 2016<\/strong>, la sediul Vienna International Centre.<\/span><\/td>\n<\/tr>\n\r\n<tr><td  style=\"text-align:justify\" ><span style=\"padding-left: 20px;\">Directorul General Cristian PATTICU particip\u0103 \u00een data de <strong>19 septembrie 2016<\/strong> la evenimentul de lansare a exerci\u0163iului na\u0163ional Valahia 2016, organizat de CNCAN la Bucure\u015fti.<\/span><\/td>\n<\/tr>\n\r\n<tr><td  style=\"text-align:justify\" ><span style=\"padding-left: 20px;\">Directorul General Cristian PATTICU \u015fi Directorul Strategie \u015fi Dezvoltare Maria Roth particip\u0103 \u00een perioada <strong>13-14 septembrie 2016<\/strong> la Conferinta Interna\u0163ional\u0103, Long-term National and Regional Benefits of ALFRED Construction in Rom\u00e2nia, organizata de RATEN ICN, sub auspiciul Proiectului European FP7 ARCADIA, pe platforma nuclear\u0103 Mioveni.<\/span><\/td>\n<\/tr>\n\r\n<tr><td  style=\"text-align:justify\" ><span style=\"padding-left: 20px;\">Directorul General RATEN, Cristian Patticu, participa la Ministerul Energiei la \u00eent\u00e2lnirea \u00eentre Ministrul Energiei, Victor Vlad Grigorescu, reprezentan\u021bi ai institutelor de cercetare din domeniul energiei \u0219i reprezentan\u021bi ai Ministerului Fondurilor Europene, vineri <strong>12 august 2016.<\/strong><\/span><\/td>\n<\/tr>\n\r\n<tr><td  style=\"text-align:justify\" ><span style=\"padding-left: 20px;\">Directorul General Cristian PATTICU \u015fi Directorul Strategie \u015fi Dezvoltare Maria Roth particip\u0103 la forumul Energiei pentru Europa Central\u0103 \u0219i de Est &#8211; <strong>FOREN 2016<\/strong>, \u00een perioada <em><strong>14-17 iunie 2016<\/strong><\/em>.<\/span><\/td>\n<\/tr>\n\r\n<tr><td  style=\"text-align:justify\" ><span style=\"padding-left: 20px;\">Directorul General RATEN, Cristian PATTICU, particip\u0103 la Dezbaterea cu tema Programul nuclear al Rom\u00e2niei \u2013 investi\u0163ia \u00een Unit\u0103\u0163ile 3 \u015fi 4 de la Cernavod\u0103, prioritate a Sistemului Energetic Na\u0163ional, organizat\u0103 de publica\u0163ia Energy Center \u015fi SN Nuclearelectrica, joi, <em><strong>26 mai 2016<\/strong><\/em>, la hotelul Radisson Blue, Bucure\u015fti.<\/span><\/td>\n<\/tr>\n\r\n<tr><td  style=\"text-align:justify\" ><span style=\"padding-left: 20px;\">Directorul General RATEN, Cristian PATTICU, particip\u0103 la \u015fedin\u0163a de Consiliu Director CNR \u2013 CME joi, <em><strong>26 mai 2016<\/strong><\/em>, la sediul CNR \u2013 CME din Bucure\u015fti.<\/span><\/td>\n<\/tr>\n\r\n<tr><td  style=\"text-align:justify\" ><span style=\"padding-left: 20px;\">Conducerea RATEN particip\u0103 la Conferin\u021ba Interna\u021bional\u0103 <strong><a href=\"https:\/\/www.nuclear.ro\/ro\/conferinta\/nuclear_2016.php\" target=\"_blank\" rel=\"noopener noreferrer\"><span style=\"color: #0000ff;\">NUCLEAR 2016<\/span><\/a><\/strong> organizat\u0103 de RATEN ICN, \u00een perioada <em><strong>18-20 mai 2016<\/strong><\/em>.<\/span><\/td>\n<\/tr>\n\r\n<tr><td  style=\"text-align:justify\" ><span style=\"padding-left: 20px;\">Directorul General Cristian PATTICU \u015fi Directorul Strategie \u015fi Dezvoltare Maria Roth particip\u0103 la \u00cent\u00e2lnirea de lucru \u00een cadrul \u00a0procesului de revizuire a Strategiei Energetice a Rom\u00e2niei, joi <em><strong>19 mai 2016<\/strong><\/em>, la sediul Ministerului Energiei.<\/span><\/td>\n<\/tr>\n<\/tbody><\/table><\/div> <p class=\"wpsm-hide\" style=\"color: blue; font-size: 100%; text-align: left;\">\u00bb Restr\u00e2nge<\/p><\/div><\/div><\/p>","protected":false},"excerpt":{"rendered":"<p><span class=\"more-link\"><a href=\"https:\/\/www.raten.ro\/?page_id=2094\">Read More &rarr;<\/a><\/span><\/p>\n","protected":false},"author":1,"featured_media":0,"parent":0,"menu_order":0,"comment_status":"closed","ping_status":"closed","template":"","meta":{"footnotes":""},"class_list":["entry","author-wpadmin","post-2094","page","type-page","status-publish"],"_links":{"self":[{"href":"https:\/\/www.raten.ro\/index.php?rest_route=\/wp\/v2\/pages\/2094","targetHints":{"allow":["GET"]}}],"collection":[{"href":"https:\/\/www.raten.ro\/index.php?rest_route=\/wp\/v2\/pages"}],"about":[{"href":"https:\/\/www.raten.ro\/index.php?rest_route=\/wp\/v2\/types\/page"}],"author":[{"embeddable":true,"href":"https:\/\/www.raten.ro\/index.php?rest_route=\/wp\/v2\/users\/1"}],"replies":[{"embeddable":true,"href":"https:\/\/www.raten.ro\/index.php?rest_route=%2Fwp%2Fv2%2Fcomments&post=2094"}],"version-history":[{"count":3,"href":"https:\/\/www.raten.ro\/index.php?rest_route=\/wp\/v2\/pages\/2094\/revisions"}],"predecessor-version":[{"id":4215,"href":"https:\/\/www.raten.ro\/index.php?rest_route=\/wp\/v2\/pages\/2094\/revisions\/4215"}],"wp:attachment":[{"href":"https:\/\/www.raten.ro\/index.php?rest_route=%2Fwp%2Fv2%2Fmedia&parent=2094"}],"curies":[{"name":"wp","href":"https:\/\/api.w.org\/{rel}","templated":true}]}}